{"id":1998,"date":"2020-11-18T21:00:01","date_gmt":"2020-11-18T21:00:01","guid":{"rendered":"https:\/\/www.impactoneducation.org\/?post_type=event&#038;p=1998"},"modified":"2020-12-05T00:21:03","modified_gmt":"2020-12-05T00:21:03","slug":"colorado-gives-day-2020","status":"publish","type":"event","link":"https:\/\/www.impactoneducation.org\/es\/event\/colorado-gives-day-2020\/","title":{"rendered":"Colorado Gives Day 2020"},"content":{"rendered":"<h2 class=\"wp-block-heading\">Tu apoyo genera cambios<\/h2>\n\n\n\n<p>Da donde vives y programa tu <a href=\"https:\/\/www.coloradogives.org\/impactoneducation\/overview\" target=\"_blank\" rel=\"noreferrer noopener\">Regalo del D\u00eda de Colorado Gives<\/a> \u00a1hoy! Ay\u00fadanos a alcanzar nuestra meta de <strong>desbloquee nuestro regalo a juego $20,000 de Google<\/strong> el D\u00eda de Colorado Gives - Martes 8 de diciembre.<\/p>\n\n\n\n<h3 class=\"wp-block-heading\">Su donaci\u00f3n contribuye en gran medida a crear un cambio equitativo en las escuelas del Valle de Boulder. <\/h3>\n\n\n\n<div class=\"wp-block-image\"><figure class=\"aligncenter size-large is-resized\"><a href=\"https:\/\/bit.ly\/39gnWue\" target=\"_blank\" rel=\"noopener noreferrer\"><img loading=\"lazy\" decoding=\"async\" src=\"https:\/\/www.impactoneducation.org\/wp-content\/uploads\/2020\/12\/horizontal-2-2020.png\" alt=\"\" class=\"wp-image-2084\" width=\"337\" height=\"135\" srcset=\"https:\/\/www.impactoneducation.org\/wp-content\/uploads\/2020\/12\/horizontal-2-2020.png 400w, https:\/\/www.impactoneducation.org\/wp-content\/uploads\/2020\/12\/horizontal-2-2020-300x120.png 300w\" sizes=\"auto, (max-width: 337px) 100vw, 337px\" \/><\/a><\/figure><\/div>\n\n\n\n<p>Debido a que abordamos las necesidades cr\u00edticas primero, su donaci\u00f3n apoya directamente a nuestros estudiantes que enfrentan las barreras m\u00e1s importantes para el \u00e9xito, barreras como el racismo sist\u00e9mico, la desigualdad socioecon\u00f3mica y las discapacidades de aprendizaje.<\/p>\n\n\n\n<p>As\u00ed es como su donaci\u00f3n empodera a los estudiantes:<\/p>\n\n\n\n<h2 class=\"wp-block-heading\"><strong>$25 <\/strong><\/h2>\n\n\n\n<p>compra 5 libros apropiados para su edad para estudiantes K-12<\/p>\n\n\n\n<h2 class=\"wp-block-heading\"><strong>$50<\/strong> <\/h2>\n\n\n\n<p>proporciona 7 comidas nutritivas para los estudiantes en BVSD<\/p>\n\n\n\n<h2 class=\"wp-block-heading\"><strong>$100<\/strong> <\/h2>\n\n\n\n<p>equipa a 5 estudiantes de primaria con mochilas llenas de \u00fatiles escolares<br><\/p>\n\n\n\n<h2 class=\"wp-block-heading\"><strong>$250<\/strong> <\/h2>\n\n\n\n<p>le da a 1 estudiante acceso a una computadora BVSD para aprendizaje remoto<\/p>\n\n\n\n<div class=\"wp-block-group\"><div class=\"wp-block-group__inner-container is-layout-flow wp-block-group-is-layout-flow\">\n<figure class=\"wp-block-pullquote\"><blockquote><p>Nuestro trabajo est\u00e1 lejos de estar terminado, pero estamos orgullosos de todo lo que hemos logrado. Con miembros de la comunidad como usted detr\u00e1s de nosotros, podemos seguir adapt\u00e1ndonos, aprendiendo y apoyando las necesidades cr\u00edticas de nuestro distrito.<\/p><\/blockquote><\/figure>\n\n\n\n<figure class=\"wp-block-image size-large is-resized\"><a href=\"https:\/\/www.coloradogives.org\/impactoneducation\/overview\" target=\"_blank\" rel=\"noopener noreferrer\"><img loading=\"lazy\" decoding=\"async\" src=\"https:\/\/www.impactoneducation.org\/wp-content\/uploads\/2020\/11\/CO-Gives-Day_Twitter-Website-Share-1024x576.png\" alt=\"\" class=\"wp-image-2001\" width=\"529\" height=\"298\" srcset=\"https:\/\/www.impactoneducation.org\/wp-content\/uploads\/2020\/11\/CO-Gives-Day_Twitter-Website-Share-1024x576.png 1024w, https:\/\/www.impactoneducation.org\/wp-content\/uploads\/2020\/11\/CO-Gives-Day_Twitter-Website-Share-300x169.png 300w, https:\/\/www.impactoneducation.org\/wp-content\/uploads\/2020\/11\/CO-Gives-Day_Twitter-Website-Share-768x432.png 768w, https:\/\/www.impactoneducation.org\/wp-content\/uploads\/2020\/11\/CO-Gives-Day_Twitter-Website-Share-1536x864.png 1536w, https:\/\/www.impactoneducation.org\/wp-content\/uploads\/2020\/11\/CO-Gives-Day_Twitter-Website-Share.png 1600w\" sizes=\"auto, (max-width: 529px) 100vw, 529px\" \/><\/a><\/figure>\n<\/div><\/div>\n\n\n\n<div style=\"height:40px\" aria-hidden=\"true\" class=\"wp-block-spacer\"><\/div>","protected":false},"featured_media":0,"template":"","class_list":["post-1998","event","type-event","status-publish","hentry"],"acf":[],"yoast_head":"<!-- This site is optimized with the Yoast SEO plugin v27.4 - https:\/\/yoast.com\/product\/yoast-seo-wordpress\/ -->\n<title>Colorado Gives Day 2020 &#8211; Impact on Education<\/title>\n<meta name=\"description\" content=\"Help us reach our goal to unlock our $20,000 matching gift from Google and support the critical needs of BVSD students!\" \/>\n<meta name=\"robots\" content=\"index, follow, max-snippet:-1, max-image-preview:large, max-video-preview:-1\" \/>\n<link rel=\"canonical\" href=\"https:\/\/www.impactoneducation.org\/es\/event\/colorado-gives-day-2020\/\" \/>\n<meta property=\"og:locale\" content=\"es_MX\" \/>\n<meta property=\"og:type\" content=\"article\" \/>\n<meta property=\"og:title\" content=\"Support Local BVSD Students with Your Colorado Gives Day Donation\" \/>\n<meta property=\"og:description\" content=\"Help us reach our goal to unlock our $20,000 matching gift from Google and support the critical needs of BVSD students!\" \/>\n<meta property=\"og:url\" content=\"https:\/\/www.impactoneducation.org\/es\/event\/colorado-gives-day-2020\/\" \/>\n<meta property=\"og:site_name\" content=\"Impact on Education\" \/>\n<meta property=\"article:publisher\" content=\"https:\/\/www.facebook.com\/ImpactonEducation\" \/>\n<meta property=\"article:modified_time\" content=\"2020-12-05T00:21:03+00:00\" \/>\n<meta property=\"og:image\" content=\"https:\/\/www.impactoneducation.org\/wp-content\/uploads\/2020\/11\/CO-Gives-Day_Facebook-Share.png\" \/>\n\t<meta property=\"og:image:width\" content=\"940\" \/>\n\t<meta property=\"og:image:height\" content=\"788\" \/>\n\t<meta property=\"og:image:type\" content=\"image\/png\" \/>\n<meta name=\"twitter:card\" content=\"summary_large_image\" \/>\n<meta name=\"twitter:title\" content=\"Support Local BVSD Students with Your Colorado Gives Day Donation\" \/>\n<meta name=\"twitter:description\" content=\"Help us reach our goal to unlock our $20,000 matching gift from Google and support the critical needs of BVSD students!\" \/>\n<meta name=\"twitter:image\" content=\"https:\/\/www.impactoneducation.org\/wp-content\/uploads\/2020\/11\/CO-Gives-Day_Twitter-Website-Share.png\" \/>\n<meta name=\"twitter:site\" content=\"@ImpactOnEd\" \/>\n<meta name=\"twitter:label1\" content=\"Tiempo de lectura\" \/>\n\t<meta name=\"twitter:data1\" content=\"1 minuto\" \/>\n<script type=\"application\/ld+json\" class=\"yoast-schema-graph\">{\"@context\":\"https:\\\/\\\/schema.org\",\"@graph\":[{\"@type\":\"WebPage\",\"@id\":\"https:\\\/\\\/www.impactoneducation.org\\\/event\\\/colorado-gives-day-2020\\\/\",\"url\":\"https:\\\/\\\/www.impactoneducation.org\\\/event\\\/colorado-gives-day-2020\\\/\",\"name\":\"Colorado Gives Day 2020 &#8211; Impact on Education\",\"isPartOf\":{\"@id\":\"https:\\\/\\\/www.impactoneducation.org\\\/#website\"},\"primaryImageOfPage\":{\"@id\":\"https:\\\/\\\/www.impactoneducation.org\\\/event\\\/colorado-gives-day-2020\\\/#primaryimage\"},\"image\":{\"@id\":\"https:\\\/\\\/www.impactoneducation.org\\\/event\\\/colorado-gives-day-2020\\\/#primaryimage\"},\"thumbnailUrl\":\"https:\\\/\\\/www.impactoneducation.org\\\/wp-content\\\/uploads\\\/2020\\\/12\\\/horizontal-2-2020.png\",\"datePublished\":\"2020-11-18T21:00:01+00:00\",\"dateModified\":\"2020-12-05T00:21:03+00:00\",\"description\":\"Help us reach our goal to unlock our $20,000 matching gift from Google and support the critical needs of BVSD students!\",\"breadcrumb\":{\"@id\":\"https:\\\/\\\/www.impactoneducation.org\\\/event\\\/colorado-gives-day-2020\\\/#breadcrumb\"},\"inLanguage\":\"es\",\"potentialAction\":[{\"@type\":\"ReadAction\",\"target\":[\"https:\\\/\\\/www.impactoneducation.org\\\/event\\\/colorado-gives-day-2020\\\/\"]}]},{\"@type\":\"ImageObject\",\"inLanguage\":\"es\",\"@id\":\"https:\\\/\\\/www.impactoneducation.org\\\/event\\\/colorado-gives-day-2020\\\/#primaryimage\",\"url\":\"https:\\\/\\\/www.impactoneducation.org\\\/wp-content\\\/uploads\\\/2020\\\/12\\\/horizontal-2-2020.png\",\"contentUrl\":\"https:\\\/\\\/www.impactoneducation.org\\\/wp-content\\\/uploads\\\/2020\\\/12\\\/horizontal-2-2020.png\"},{\"@type\":\"BreadcrumbList\",\"@id\":\"https:\\\/\\\/www.impactoneducation.org\\\/event\\\/colorado-gives-day-2020\\\/#breadcrumb\",\"itemListElement\":[{\"@type\":\"ListItem\",\"position\":1,\"name\":\"Home\",\"item\":\"https:\\\/\\\/www.impactoneducation.org\\\/\"},{\"@type\":\"ListItem\",\"position\":2,\"name\":\"Colorado Gives Day 2020\"}]},{\"@type\":\"WebSite\",\"@id\":\"https:\\\/\\\/www.impactoneducation.org\\\/#website\",\"url\":\"https:\\\/\\\/www.impactoneducation.org\\\/\",\"name\":\"Impact on Education\",\"description\":\"Foundation for Boulder Valley Schools\",\"publisher\":{\"@id\":\"https:\\\/\\\/www.impactoneducation.org\\\/#organization\"},\"potentialAction\":[{\"@type\":\"SearchAction\",\"target\":{\"@type\":\"EntryPoint\",\"urlTemplate\":\"https:\\\/\\\/www.impactoneducation.org\\\/?s={search_term_string}\"},\"query-input\":{\"@type\":\"PropertyValueSpecification\",\"valueRequired\":true,\"valueName\":\"search_term_string\"}}],\"inLanguage\":\"es\"},{\"@type\":\"Organization\",\"@id\":\"https:\\\/\\\/www.impactoneducation.org\\\/#organization\",\"name\":\"Impact on Education\",\"url\":\"https:\\\/\\\/www.impactoneducation.org\\\/\",\"logo\":{\"@type\":\"ImageObject\",\"inLanguage\":\"es\",\"@id\":\"https:\\\/\\\/www.impactoneducation.org\\\/#\\\/schema\\\/logo\\\/image\\\/\",\"url\":\"https:\\\/\\\/www.impactoneducation.org\\\/wp-content\\\/uploads\\\/2020\\\/09\\\/Impact-logo-poly.png\",\"contentUrl\":\"https:\\\/\\\/www.impactoneducation.org\\\/wp-content\\\/uploads\\\/2020\\\/09\\\/Impact-logo-poly.png\",\"width\":3455,\"height\":890,\"caption\":\"Impact on Education\"},\"image\":{\"@id\":\"https:\\\/\\\/www.impactoneducation.org\\\/#\\\/schema\\\/logo\\\/image\\\/\"},\"sameAs\":[\"https:\\\/\\\/www.facebook.com\\\/ImpactonEducation\",\"https:\\\/\\\/x.com\\\/ImpactOnEd\",\"https:\\\/\\\/www.instagram.com\\\/impactoneducation\\\/\",\"https:\\\/\\\/www.youtube.com\\\/channel\\\/UCtCaQkVhXiowqiNrIXQ1Lkw\"]}]}<\/script>\n<!-- \/ Yoast SEO plugin. -->","yoast_head_json":{"title":"D\u00eda de Donaciones de Colorado 2020: Impacto en la educaci\u00f3n","description":"\u00a1Ay\u00fadenos a alcanzar nuestra meta de desbloquear nuestra donaci\u00f3n equivalente de $20,000 de Google y apoyar las necesidades cr\u00edticas de los estudiantes de BVSD!","robots":{"index":"index","follow":"follow","max-snippet":"max-snippet:-1","max-image-preview":"max-image-preview:large","max-video-preview":"max-video-preview:-1"},"canonical":"https:\/\/www.impactoneducation.org\/es\/event\/colorado-gives-day-2020\/","og_locale":"es_MX","og_type":"article","og_title":"Support Local BVSD Students with Your Colorado Gives Day Donation","og_description":"Help us reach our goal to unlock our $20,000 matching gift from Google and support the critical needs of BVSD students!","og_url":"https:\/\/www.impactoneducation.org\/es\/event\/colorado-gives-day-2020\/","og_site_name":"Impact on Education","article_publisher":"https:\/\/www.facebook.com\/ImpactonEducation","article_modified_time":"2020-12-05T00:21:03+00:00","og_image":[{"width":940,"height":788,"url":"https:\/\/www.impactoneducation.org\/wp-content\/uploads\/2020\/11\/CO-Gives-Day_Facebook-Share.png","type":"image\/png"}],"twitter_card":"summary_large_image","twitter_title":"Support Local BVSD Students with Your Colorado Gives Day Donation","twitter_description":"Help us reach our goal to unlock our $20,000 matching gift from Google and support the critical needs of BVSD students!","twitter_image":"https:\/\/www.impactoneducation.org\/wp-content\/uploads\/2020\/11\/CO-Gives-Day_Twitter-Website-Share.png","twitter_site":"@ImpactOnEd","twitter_misc":{"Tiempo de lectura":"1 minuto"},"schema":{"@context":"https:\/\/schema.org","@graph":[{"@type":"WebPage","@id":"https:\/\/www.impactoneducation.org\/event\/colorado-gives-day-2020\/","url":"https:\/\/www.impactoneducation.org\/event\/colorado-gives-day-2020\/","name":"D\u00eda de Donaciones de Colorado 2020: Impacto en la educaci\u00f3n","isPartOf":{"@id":"https:\/\/www.impactoneducation.org\/#website"},"primaryImageOfPage":{"@id":"https:\/\/www.impactoneducation.org\/event\/colorado-gives-day-2020\/#primaryimage"},"image":{"@id":"https:\/\/www.impactoneducation.org\/event\/colorado-gives-day-2020\/#primaryimage"},"thumbnailUrl":"https:\/\/www.impactoneducation.org\/wp-content\/uploads\/2020\/12\/horizontal-2-2020.png","datePublished":"2020-11-18T21:00:01+00:00","dateModified":"2020-12-05T00:21:03+00:00","description":"\u00a1Ay\u00fadenos a alcanzar nuestra meta de desbloquear nuestra donaci\u00f3n equivalente de $20,000 de Google y apoyar las necesidades cr\u00edticas de los estudiantes de BVSD!","breadcrumb":{"@id":"https:\/\/www.impactoneducation.org\/event\/colorado-gives-day-2020\/#breadcrumb"},"inLanguage":"es","potentialAction":[{"@type":"ReadAction","target":["https:\/\/www.impactoneducation.org\/event\/colorado-gives-day-2020\/"]}]},{"@type":"ImageObject","inLanguage":"es","@id":"https:\/\/www.impactoneducation.org\/event\/colorado-gives-day-2020\/#primaryimage","url":"https:\/\/www.impactoneducation.org\/wp-content\/uploads\/2020\/12\/horizontal-2-2020.png","contentUrl":"https:\/\/www.impactoneducation.org\/wp-content\/uploads\/2020\/12\/horizontal-2-2020.png"},{"@type":"BreadcrumbList","@id":"https:\/\/www.impactoneducation.org\/event\/colorado-gives-day-2020\/#breadcrumb","itemListElement":[{"@type":"ListItem","position":1,"name":"Home","item":"https:\/\/www.impactoneducation.org\/"},{"@type":"ListItem","position":2,"name":"Colorado Gives Day 2020"}]},{"@type":"WebSite","@id":"https:\/\/www.impactoneducation.org\/#website","url":"https:\/\/www.impactoneducation.org\/","name":"Impacto en la educaci\u00f3n","description":"Fundaci\u00f3n para las Escuelas del Valle de Boulder","publisher":{"@id":"https:\/\/www.impactoneducation.org\/#organization"},"potentialAction":[{"@type":"SearchAction","target":{"@type":"EntryPoint","urlTemplate":"https:\/\/www.impactoneducation.org\/?s={search_term_string}"},"query-input":{"@type":"PropertyValueSpecification","valueRequired":true,"valueName":"search_term_string"}}],"inLanguage":"es"},{"@type":"Organization","@id":"https:\/\/www.impactoneducation.org\/#organization","name":"Impacto en la educaci\u00f3n","url":"https:\/\/www.impactoneducation.org\/","logo":{"@type":"ImageObject","inLanguage":"es","@id":"https:\/\/www.impactoneducation.org\/#\/schema\/logo\/image\/","url":"https:\/\/www.impactoneducation.org\/wp-content\/uploads\/2020\/09\/Impact-logo-poly.png","contentUrl":"https:\/\/www.impactoneducation.org\/wp-content\/uploads\/2020\/09\/Impact-logo-poly.png","width":3455,"height":890,"caption":"Impact on Education"},"image":{"@id":"https:\/\/www.impactoneducation.org\/#\/schema\/logo\/image\/"},"sameAs":["https:\/\/www.facebook.com\/ImpactonEducation","https:\/\/x.com\/ImpactOnEd","https:\/\/www.instagram.com\/impactoneducation\/","https:\/\/www.youtube.com\/channel\/UCtCaQkVhXiowqiNrIXQ1Lkw"]}]}},"_links":{"self":[{"href":"https:\/\/www.impactoneducation.org\/es\/wp-json\/wp\/v2\/event\/1998","targetHints":{"allow":["GET"]}}],"collection":[{"href":"https:\/\/www.impactoneducation.org\/es\/wp-json\/wp\/v2\/event"}],"about":[{"href":"https:\/\/www.impactoneducation.org\/es\/wp-json\/wp\/v2\/types\/event"}],"wp:attachment":[{"href":"https:\/\/www.impactoneducation.org\/es\/wp-json\/wp\/v2\/media?parent=1998"}],"curies":[{"name":"gracias","href":"https:\/\/api.w.org\/{rel}","templated":true}]}}