{"id":5261,"date":"2022-02-16T23:33:52","date_gmt":"2022-02-16T23:33:52","guid":{"rendered":"https:\/\/www.impactoneducation.org\/?page_id=5261"},"modified":"2025-10-24T16:16:07","modified_gmt":"2025-10-24T16:16:07","slug":"press","status":"publish","type":"page","link":"https:\/\/www.impactoneducation.org\/es\/press\/","title":{"rendered":"Materiales de prensa"},"content":{"rendered":"<div id=\"block_c5d44e8fde85bea0941dcc84db791257\" class=\"page-header  full-width\">\r\n\r\n  <div class=\"page-header-title\">\r\n    <h1>MATERIALES DE PRENSA<\/h1>\r\n  <\/div>\r\n\r\n  <div class=\"page-header-image\"><\/div>\r\n\r\n<\/div>\r\n\n\n\n<div class=\"wp-block-columns is-layout-flex wp-container-core-columns-is-layout-9d6595d7 wp-block-columns-is-layout-flex\">\n<div class=\"wp-block-column is-layout-flow wp-block-column-is-layout-flow\" style=\"flex-basis:10%\"><\/div>\n\n\n\n<div class=\"wp-block-column is-layout-flow wp-block-column-is-layout-flow\" style=\"flex-basis:80%\">\n<div style=\"height:40px\" aria-hidden=\"true\" class=\"wp-block-spacer\"><\/div>\n\n\n\n<h2 class=\"wp-block-heading has-text-align-center fancy\">CONOCE EL IMPACTO EN LA EDUCACI\u00d3N<\/h2>\n\n\n\n<div style=\"height:20px\" aria-hidden=\"true\" class=\"wp-block-spacer\"><\/div>\n\n\n\n<p>CONSULTAS DE LOS MEDIOS<\/p>\n\n\n\n<h2 class=\"wp-block-heading\">\u00bfNecesita informaci\u00f3n o una cotizaci\u00f3n para su art\u00edculo?<\/h2>\n\n\n\n<p><a href=\"mailto:avery@impactoneducation.org\">avery@impactoneducation.org<\/a><\/p>\n\n\n\n<div style=\"height:25px\" aria-hidden=\"true\" class=\"wp-block-spacer\"><\/div>\n\n\n\n<div style=\"height:25px\" aria-hidden=\"true\" class=\"wp-block-spacer\"><\/div>\n\n\n\n<div id=\"block_a509c909fcee6291e03c3dd5b330b866\" class=\"links-list\">\n\n  <div class=\"links\">\n\n    \n      \n      <div class=\"link\">\n\n        \n                  <h2>LOGOTIPOS<\/h2>\n        \n        \n                  <div class=\"link-copy\">\n            Versiones PNG en negro, blanco y color del logotipo de Impact on Education.          <\/div>\n        \n                                    <div class=\"link-cta\">\n            <a\n            class=\"button button-blue-green\"\n            href=\"https:\/\/www.impactoneducation.org\/wp-content\/uploads\/2022\/07\/Impact-on-Education-logos.zip\"\n            target=\"_self\">\n            Descargar          <\/a>\n        <\/div>\n      \n    <\/div>\n\n  \n      <div class=\"link\">\n\n        \n                  <h2>EN LAS NOTICIAS<\/h2>\n        \n        \n                  <div class=\"link-copy\">\n            La \u00faltima cobertura medi\u00e1tica de nuestro trabajo.          <\/div>\n        \n                                    <div class=\"link-cta\">\n            <a\n            class=\"button button-blue-green\"\n            href=\"https:\/\/www.impactoneducation.org\/es\/media\/\"\n            target=\"_blank\">\n            Navegar          <\/a>\n        <\/div>\n      \n    <\/div>\n\n  \n      <div class=\"link\">\n\n        \n                  <h2>NUESTRO IMPACTO<\/h2>\n        \n        \n                  <div class=\"link-copy\">\n            Consulte nuestro \u00faltimo informe de impacto para ver lo que hemos logrado.          <\/div>\n        \n                                    <div class=\"link-cta\">\n            <a\n            class=\"button button-blue-green\"\n            href=\"https:\/\/www.impactoneducation.org\/es\/who-we-are\/financials\/\"\n            target=\"_blank\">\n            Vista del informe          <\/a>\n        <\/div>\n      \n    <\/div>\n\n  \n      <div class=\"link\">\n\n        \n                  <h2>CUENTOS<\/h2>\n        \n        \n                  <div class=\"link-copy\">\n            Lea historias sobre nuestro trabajo para apoyar la equidad y las oportunidades en BVSD.          <\/div>\n        \n                                    <div class=\"link-cta\">\n            <a\n            class=\"button button-blue-green\"\n            href=\"https:\/\/www.impactoneducation.org\/es\/whats-new\/news\/\"\n            target=\"_blank\">\n            Navegar          <\/a>\n        <\/div>\n      \n    <\/div>\n\n  \n\n<\/div>\n<\/div>\n\n\n\n<div style=\"height:50px\" aria-hidden=\"true\" class=\"wp-block-spacer\"><\/div>\n\n\n\r\n\r\n  <div id=\"block_4f6866d4d2435bdba739cf8c0bbea622\" class=\"big-picture  full-width\">\r\n\r\n    <img decoding=\"async\" class=\"desktop-image\" src=\"https:\/\/www.impactoneducation.org\/wp-content\/uploads\/2022\/08\/Website_Desktop-Images-1-1.jpg\" \/>\r\n\r\n          <img decoding=\"async\" class=\"mobile-image\" src=\"https:\/\/www.impactoneducation.org\/wp-content\/uploads\/2022\/08\/Website_Mobile-Images-1-1.jpg\" \/>\r\n    \r\n          <div class=\"big-picture-overlay\" style=\"background-color: #000000; opacity: 0;\">\r\n      <\/div>\r\n    \r\n    <div class=\"big-picture-content\" style=\"color: #ffffff;\">\r\n\r\n              <h2 style=\"color: #ffffff;\">\r\n          NUESTRO TRABAJO        <\/h2>\r\n      \r\n              <div class=\"copy copy-white\" style=\"color: #ffffff;\">\r\n          Desde 1983, hemos proporcionado fondos y recursos suplementarios a estudiantes y educadores para ampliar lo que es posible en educaci\u00f3n. Nuestros programas e inversiones ayudan a garantizar que los estudiantes que enfrentan las mayores barreras para el \u00e9xito tengan acceso a las mismas oportunidades de aprendizaje que sus compa\u00f1eros.        <\/div>\r\n      \r\n              <div class=\"cta\">\r\n          <a class=\"button button-white\" style=\"color: #ffffff; border-color: #ffffff;\" href=\"https:\/\/www.impactoneducation.org\/es\/what-we-do\/\" target=\"_blank\">Lo que hacemos<\/a>\r\n        <\/div>\r\n\r\n      \r\n    <\/div>\r\n\r\n  <\/div>\r\n\n\n\n<div style=\"height:69px\" aria-hidden=\"true\" class=\"wp-block-spacer\"><\/div>\n\n\n\n<h2 class=\"wp-block-heading fancy\">COMUNICADOS DE PRENSA<\/h2>\n\n\n\n<div style=\"height:20px\" aria-hidden=\"true\" class=\"wp-block-spacer\"><\/div>\n\n\n\n<p>Comunicado de prensa | 24 de octubre de 2025<br><strong><a href=\"https:\/\/www.impactoneducation.org\/es\/2025\/10\/24\/fall-2025-sof-grants\/\">Impact on Education otorga $115,000 en subvenciones a maestros del Valle de Boulder<\/a><\/strong><\/p>\n\n\n\n<p>Nota de prensa | 10 de febrero de 2025<br><a href=\"https:\/\/www.impactoneducation.org\/es\/press\/press-release-impact-on-education-awarded-8000-to-support-broomfield-students-this-year\/\"><strong>Impact on Education recibi\u00f3 $8,000 para apoyar a los estudiantes de Broomfield este a\u00f1o<\/strong><\/a><\/p>\n\n\n\n<p>Nota de prensa | 5 de agosto de 2024<br><a href=\"https:\/\/www.impactoneducation.org\/es\/press\/release-2024-community-challenge\/\" target=\"_blank\" rel=\"noreferrer noopener\"><strong>Impacto en Educaci\u00f3n desaf\u00eda a la comunidad a recaudar $15,000 para \u00fatiles escolares<\/strong><\/a><\/p>\n\n\n\n<p>Comunicado de prensa | 29 de febrero de 2024<br><a href=\"https:\/\/www.impactoneducation.org\/es\/press\/press-release-impact-on-education-introduces-two-new-scholarships-opens-applications-for-class-of-2024\/\" target=\"_blank\" rel=\"noreferrer noopener\"><strong>Impact on Education presenta dos nuevas becas para apoyar a los estudiantes del Valle de Boulder y anuncia solicitudes abiertas para la promoci\u00f3n de 2024<\/strong><\/a><\/p>\n\n\n\n<p>Comunicado de prensa | 17 de octubre de 2023<br><a href=\"https:\/\/www.impactoneducation.org\/es\/press\/press-release-impact-on-education-and-boulder-valley-school-district-introduce-wellness-centers-to-provide-access-to-mental-health-supporting-during-the-school-day\/\" target=\"_blank\" rel=\"noreferrer noopener\"><strong>Impact on Education y el Distrito Escolar del Valle de Boulder presentan Centros de Bienestar para brindar acceso a apoyo de salud mental durante<\/strong><\/a><strong><a href=\"https:\/\/www.impactoneducation.org\/es\/press\/press-release-impact-on-education-funds-six-wellness-centers\/\" target=\"_blank\" rel=\"noreferrer noopener\">ng el d\u00eda escolar<\/a><\/strong><\/p>\n\n\n\n<p>Comunicado de prensa | 19 de septiembre de 2023<br><strong><a href=\"https:\/\/www.impactoneducation.org\/es\/press\/press-release-09-19-2023-impact-on-education-welcomes-three-new-board-members\/\" target=\"_blank\" rel=\"noreferrer noopener\">Impact on Education da la bienvenida a tres nuevos miembros de la junta directiva&nbsp;<\/a><\/strong><\/p>\n\n\n\n<p>Comunicado de prensa | 11 de julio de 2023<br><a href=\"https:\/\/www.impactoneducation.org\/es\/press\/press-release-impact-on-education-to-equip-over-5000-bvsd-students-with-school-supplies\/\" target=\"_blank\" rel=\"noreferrer noopener\"><strong>Impact on Education para equipar a m\u00e1s de 5,000 estudiantes de BVSD con \u00fatiles escolares<\/strong><\/a><\/p>\n\n\n\n<p>Alerta de medios | 4 de abril de 2023<br><a href=\"https:\/\/www.impactoneducation.org\/es\/press\/media-alert-impact-on-education-to-host-free-community-event-on-youth-mental-health\/\" target=\"_blank\" rel=\"noreferrer noopener\"><strong>Impacto en la educaci\u00f3n para organizar un evento comunitario gratuito sobre la salud mental de los j\u00f3venes<\/strong><\/a><\/p>\n\n\n\n<p>Alerta de medios | 28 de febrero de 2023<br><a href=\"https:\/\/www.impactoneducation.org\/es\/press\/media-alert-impact-on-education-partners-with-community-leaders-to-help-underrepresented-high-school-students-practice-interview-skills\/\" target=\"_blank\" rel=\"noreferrer noopener\"><strong>Impact on Education se asocia con l\u00edderes comunitarios para ayudar a los estudiantes de secundaria subrepresentados a practicar habilidades de entrevista<\/strong><\/a><\/p>\n\n\n\n<p>Comunicado de prensa | 13 de diciembre de 2022<br><strong><a href=\"https:\/\/www.impactoneducation.org\/es\/press\/press-release-2023-bvsd-lifetime-achievement-award-nominations-open\/\" target=\"_blank\" rel=\"noreferrer noopener\">Se abren las nominaciones para el premio BVSD Lifetime Achievement Award 2023<\/a><\/strong><\/p>\n\n\n\n<p>Comunicado de prensa | 20 de julio de 2022<br><strong><a href=\"https:\/\/www.impactoneducation.org\/es\/press\/press-release-local-public-school-foundations-raising-funds-for-back-to-school-supplies\/\" target=\"_blank\" rel=\"noreferrer noopener\">Fundaciones de escuelas p\u00fablicas locales recaudan $25,000 para \u00fatiles escolares<\/a><\/strong><\/p>\n\n\n\n<p>Comunicado de prensa | 2 de junio de 2022<br><a href=\"https:\/\/www.impactoneducation.org\/es\/press-releases\/press-release-boulder-valley-school-district-receives-funding-for-mental-health-support-from-impact-on-education\/\" target=\"_blank\" rel=\"noreferrer noopener\"><strong>El Distrito Escolar del Valle de Boulder recibe $800,000 para apoyo de salud mental de Impact on Education<\/strong><\/a><\/p>\n\n\n\n<p>Comunicado de prensa | 26 de mayo de 2022<br><a href=\"https:\/\/www.impactoneducation.org\/es\/press-releases\/impact-on-education-awards-40000-in-college-scholarships\/\" target=\"_blank\" rel=\"noreferrer noopener\"><strong>Impact on Education otorga $40,000 en becas universitarias<\/strong><\/a><\/p>\n\n\n\n<p>Comunicado de prensa | 16 de febrero de 2022<br><a href=\"https:\/\/www.impactoneducation.org\/es\/press-releases\/bvsd-lifetime-achievement-award-nominations-open-021622\/\" target=\"_blank\" rel=\"noreferrer noopener\"><strong>Se abren las nominaciones para el premio BVSD Lifetime Achievement Award<\/strong><\/a><\/p>\n\n\n\n<p>Comunicado de prensa | 24 de febrero de 2022<br><a href=\"https:\/\/www.impactoneducation.org\/es\/impact-on-education-works-with-bvsd-to-distribute-100000-in-direct-assistance-to-students-and-staff-022422\/\" target=\"_blank\" rel=\"noreferrer noopener\"><strong>Impact on Education trabaja con BVSD para distribuir $100,000 en asistencia directa a estudiantes y personal<\/strong><\/a><\/p>\n<\/div>\n\n\n\n<div class=\"wp-block-column is-layout-flow wp-block-column-is-layout-flow\" style=\"flex-basis:10%\"><\/div>\n<\/div>\n\n\n\n<div style=\"height:40px\" aria-hidden=\"true\" class=\"wp-block-spacer\"><\/div>\n\n\n\r\n\r\n  <div id=\"block_725c9c8372da5024af708525547f83d9\" class=\"big-picture  full-width\">\r\n\r\n    <img decoding=\"async\" class=\"desktop-image\" src=\"https:\/\/www.impactoneducation.org\/wp-content\/uploads\/2020\/03\/longergirl1-1800x820.jpg\" \/>\r\n\r\n          <img decoding=\"async\" class=\"mobile-image\" src=\"https:\/\/www.impactoneducation.org\/wp-content\/uploads\/2020\/03\/girl_mobile-01-1024x749.jpg\" \/>\r\n    \r\n          <div class=\"big-picture-overlay\" style=\"background-color: #000000; opacity: 0;\">\r\n      <\/div>\r\n    \r\n    <div class=\"big-picture-content\" style=\"color: #ffffff;\">\r\n\r\n              <h2 style=\"color: #ffffff;\">\r\n          NUESTRA MISI\u00d3N        <\/h2>\r\n      \r\n              <div class=\"copy copy-white\" style=\"color: #ffffff;\">\r\n          Brindamos a los estudiantes de Boulder Valley oportunidades y recursos equitativos para prosperar en sus aulas, carreras y comunidades.        <\/div>\r\n      \r\n              <div class=\"cta\">\r\n          <a class=\"button button-white\" style=\"color: #ffffff; border-color: #ffffff;\" href=\"https:\/\/www.impactoneducation.org\/es\/who-we-are\/\" target=\"_blank\">SOBRE NOSOTROS<\/a>\r\n        <\/div>\r\n\r\n      \r\n    <\/div>\r\n\r\n  <\/div>","protected":false},"excerpt":{"rendered":"<p>CONOZCA EL IMPACTO EN LA EDUCACI\u00d3N CONSULTAS DE LOS MEDIOS \u00bfNecesita informaci\u00f3n o una cotizaci\u00f3n para su art\u00edculo? avery@impactoneducation.org COMUNICADOS DE PRENSA\u2026<\/p>","protected":false},"author":3,"featured_media":0,"parent":0,"menu_order":0,"comment_status":"closed","ping_status":"closed","template":"","meta":{"_acf_changed":false,"_monsterinsights_skip_tracking":false,"_monsterinsights_sitenote_active":false,"_monsterinsights_sitenote_note":"","_monsterinsights_sitenote_category":0,"footnotes":""},"class_list":["post-5261","page","type-page","status-publish","hentry"],"acf":[],"yoast_head":"<!-- This site is optimized with the Yoast SEO plugin v27.4 - https:\/\/yoast.com\/product\/yoast-seo-wordpress\/ -->\n<title>Press Materials &#8211; Impact on Education<\/title>\n<meta name=\"description\" content=\"Find information regarding media inquiries, how to find information or request a quote for an article, logos and more about Impact on Education.\" \/>\n<meta name=\"robots\" content=\"index, follow, max-snippet:-1, max-image-preview:large, max-video-preview:-1\" \/>\n<link rel=\"canonical\" href=\"https:\/\/www.impactoneducation.org\/es\/press\/\" \/>\n<meta property=\"og:locale\" content=\"es_MX\" \/>\n<meta property=\"og:type\" content=\"article\" \/>\n<meta property=\"og:title\" content=\"Press Materials &#8211; Impact on Education\" \/>\n<meta property=\"og:description\" content=\"Find information regarding media inquiries, how to find information or request a quote for an article, logos and more about Impact on Education.\" \/>\n<meta property=\"og:url\" content=\"https:\/\/www.impactoneducation.org\/es\/press\/\" \/>\n<meta property=\"og:site_name\" content=\"Impact on Education\" \/>\n<meta property=\"article:publisher\" content=\"https:\/\/www.facebook.com\/ImpactonEducation\" \/>\n<meta property=\"article:modified_time\" content=\"2025-10-24T16:16:07+00:00\" \/>\n<meta name=\"twitter:card\" content=\"summary_large_image\" \/>\n<meta name=\"twitter:site\" content=\"@ImpactOnEd\" \/>\n<meta name=\"twitter:label1\" content=\"Tiempo de lectura\" \/>\n\t<meta name=\"twitter:data1\" content=\"4 minutos\" \/>\n<script type=\"application\/ld+json\" class=\"yoast-schema-graph\">{\"@context\":\"https:\\\/\\\/schema.org\",\"@graph\":[{\"@type\":\"WebPage\",\"@id\":\"https:\\\/\\\/www.impactoneducation.org\\\/press\\\/\",\"url\":\"https:\\\/\\\/www.impactoneducation.org\\\/press\\\/\",\"name\":\"Press Materials &#8211; Impact on Education\",\"isPartOf\":{\"@id\":\"https:\\\/\\\/www.impactoneducation.org\\\/#website\"},\"datePublished\":\"2022-02-16T23:33:52+00:00\",\"dateModified\":\"2025-10-24T16:16:07+00:00\",\"description\":\"Find information regarding media inquiries, how to find information or request a quote for an article, logos and more about Impact on Education.\",\"breadcrumb\":{\"@id\":\"https:\\\/\\\/www.impactoneducation.org\\\/press\\\/#breadcrumb\"},\"inLanguage\":\"es\",\"potentialAction\":[{\"@type\":\"ReadAction\",\"target\":[\"https:\\\/\\\/www.impactoneducation.org\\\/press\\\/\"]}]},{\"@type\":\"BreadcrumbList\",\"@id\":\"https:\\\/\\\/www.impactoneducation.org\\\/press\\\/#breadcrumb\",\"itemListElement\":[{\"@type\":\"ListItem\",\"position\":1,\"name\":\"Home\",\"item\":\"https:\\\/\\\/www.impactoneducation.org\\\/\"},{\"@type\":\"ListItem\",\"position\":2,\"name\":\"Press Materials\"}]},{\"@type\":\"WebSite\",\"@id\":\"https:\\\/\\\/www.impactoneducation.org\\\/#website\",\"url\":\"https:\\\/\\\/www.impactoneducation.org\\\/\",\"name\":\"Impact on Education\",\"description\":\"Foundation for Boulder Valley Schools\",\"publisher\":{\"@id\":\"https:\\\/\\\/www.impactoneducation.org\\\/#organization\"},\"potentialAction\":[{\"@type\":\"SearchAction\",\"target\":{\"@type\":\"EntryPoint\",\"urlTemplate\":\"https:\\\/\\\/www.impactoneducation.org\\\/?s={search_term_string}\"},\"query-input\":{\"@type\":\"PropertyValueSpecification\",\"valueRequired\":true,\"valueName\":\"search_term_string\"}}],\"inLanguage\":\"es\"},{\"@type\":\"Organization\",\"@id\":\"https:\\\/\\\/www.impactoneducation.org\\\/#organization\",\"name\":\"Impact on Education\",\"url\":\"https:\\\/\\\/www.impactoneducation.org\\\/\",\"logo\":{\"@type\":\"ImageObject\",\"inLanguage\":\"es\",\"@id\":\"https:\\\/\\\/www.impactoneducation.org\\\/#\\\/schema\\\/logo\\\/image\\\/\",\"url\":\"https:\\\/\\\/www.impactoneducation.org\\\/wp-content\\\/uploads\\\/2020\\\/09\\\/Impact-logo-poly.png\",\"contentUrl\":\"https:\\\/\\\/www.impactoneducation.org\\\/wp-content\\\/uploads\\\/2020\\\/09\\\/Impact-logo-poly.png\",\"width\":3455,\"height\":890,\"caption\":\"Impact on Education\"},\"image\":{\"@id\":\"https:\\\/\\\/www.impactoneducation.org\\\/#\\\/schema\\\/logo\\\/image\\\/\"},\"sameAs\":[\"https:\\\/\\\/www.facebook.com\\\/ImpactonEducation\",\"https:\\\/\\\/x.com\\\/ImpactOnEd\",\"https:\\\/\\\/www.instagram.com\\\/impactoneducation\\\/\",\"https:\\\/\\\/www.youtube.com\\\/channel\\\/UCtCaQkVhXiowqiNrIXQ1Lkw\"]}]}<\/script>\n<!-- \/ Yoast SEO plugin. -->","yoast_head_json":{"title":"Materiales de prensa: Impacto en la educaci\u00f3n","description":"Encuentre informaci\u00f3n sobre consultas de medios, c\u00f3mo encontrar informaci\u00f3n o solicitar una cotizaci\u00f3n para un art\u00edculo, logotipos y m\u00e1s sobre Impact on Education.","robots":{"index":"index","follow":"follow","max-snippet":"max-snippet:-1","max-image-preview":"max-image-preview:large","max-video-preview":"max-video-preview:-1"},"canonical":"https:\/\/www.impactoneducation.org\/es\/press\/","og_locale":"es_MX","og_type":"article","og_title":"Press Materials &#8211; Impact on Education","og_description":"Find information regarding media inquiries, how to find information or request a quote for an article, logos and more about Impact on Education.","og_url":"https:\/\/www.impactoneducation.org\/es\/press\/","og_site_name":"Impact on Education","article_publisher":"https:\/\/www.facebook.com\/ImpactonEducation","article_modified_time":"2025-10-24T16:16:07+00:00","twitter_card":"summary_large_image","twitter_site":"@ImpactOnEd","twitter_misc":{"Tiempo de lectura":"4 minutos"},"schema":{"@context":"https:\/\/schema.org","@graph":[{"@type":"WebPage","@id":"https:\/\/www.impactoneducation.org\/press\/","url":"https:\/\/www.impactoneducation.org\/press\/","name":"Materiales de prensa: Impacto en la educaci\u00f3n","isPartOf":{"@id":"https:\/\/www.impactoneducation.org\/#website"},"datePublished":"2022-02-16T23:33:52+00:00","dateModified":"2025-10-24T16:16:07+00:00","description":"Encuentre informaci\u00f3n sobre consultas de medios, c\u00f3mo encontrar informaci\u00f3n o solicitar una cotizaci\u00f3n para un art\u00edculo, logotipos y m\u00e1s sobre Impact on Education.","breadcrumb":{"@id":"https:\/\/www.impactoneducation.org\/press\/#breadcrumb"},"inLanguage":"es","potentialAction":[{"@type":"ReadAction","target":["https:\/\/www.impactoneducation.org\/press\/"]}]},{"@type":"BreadcrumbList","@id":"https:\/\/www.impactoneducation.org\/press\/#breadcrumb","itemListElement":[{"@type":"ListItem","position":1,"name":"Home","item":"https:\/\/www.impactoneducation.org\/"},{"@type":"ListItem","position":2,"name":"Press Materials"}]},{"@type":"WebSite","@id":"https:\/\/www.impactoneducation.org\/#website","url":"https:\/\/www.impactoneducation.org\/","name":"Impacto en la educaci\u00f3n","description":"Fundaci\u00f3n para las Escuelas del Valle de Boulder","publisher":{"@id":"https:\/\/www.impactoneducation.org\/#organization"},"potentialAction":[{"@type":"SearchAction","target":{"@type":"EntryPoint","urlTemplate":"https:\/\/www.impactoneducation.org\/?s={search_term_string}"},"query-input":{"@type":"PropertyValueSpecification","valueRequired":true,"valueName":"search_term_string"}}],"inLanguage":"es"},{"@type":"Organization","@id":"https:\/\/www.impactoneducation.org\/#organization","name":"Impacto en la educaci\u00f3n","url":"https:\/\/www.impactoneducation.org\/","logo":{"@type":"ImageObject","inLanguage":"es","@id":"https:\/\/www.impactoneducation.org\/#\/schema\/logo\/image\/","url":"https:\/\/www.impactoneducation.org\/wp-content\/uploads\/2020\/09\/Impact-logo-poly.png","contentUrl":"https:\/\/www.impactoneducation.org\/wp-content\/uploads\/2020\/09\/Impact-logo-poly.png","width":3455,"height":890,"caption":"Impact on Education"},"image":{"@id":"https:\/\/www.impactoneducation.org\/#\/schema\/logo\/image\/"},"sameAs":["https:\/\/www.facebook.com\/ImpactonEducation","https:\/\/x.com\/ImpactOnEd","https:\/\/www.instagram.com\/impactoneducation\/","https:\/\/www.youtube.com\/channel\/UCtCaQkVhXiowqiNrIXQ1Lkw"]}]}},"_links":{"self":[{"href":"https:\/\/www.impactoneducation.org\/es\/wp-json\/wp\/v2\/pages\/5261","targetHints":{"allow":["GET"]}}],"collection":[{"href":"https:\/\/www.impactoneducation.org\/es\/wp-json\/wp\/v2\/pages"}],"about":[{"href":"https:\/\/www.impactoneducation.org\/es\/wp-json\/wp\/v2\/types\/page"}],"author":[{"embeddable":true,"href":"https:\/\/www.impactoneducation.org\/es\/wp-json\/wp\/v2\/users\/3"}],"replies":[{"embeddable":true,"href":"https:\/\/www.impactoneducation.org\/es\/wp-json\/wp\/v2\/comments?post=5261"}],"version-history":[{"count":44,"href":"https:\/\/www.impactoneducation.org\/es\/wp-json\/wp\/v2\/pages\/5261\/revisions"}],"predecessor-version":[{"id":12709,"href":"https:\/\/www.impactoneducation.org\/es\/wp-json\/wp\/v2\/pages\/5261\/revisions\/12709"}],"wp:attachment":[{"href":"https:\/\/www.impactoneducation.org\/es\/wp-json\/wp\/v2\/media?parent=5261"}],"curies":[{"name":"gracias","href":"https:\/\/api.w.org\/{rel}","templated":true}]}}