{"id":6247,"date":"2022-07-19T21:06:06","date_gmt":"2022-07-19T21:06:06","guid":{"rendered":"https:\/\/www.impactoneducation.org\/?page_id=6247"},"modified":"2023-09-13T17:39:04","modified_gmt":"2023-09-13T17:39:04","slug":"press-release-local-public-school-foundations-raising-funds-for-back-to-school-supplies","status":"publish","type":"page","link":"https:\/\/www.impactoneducation.org\/es\/press\/press-release-local-public-school-foundations-raising-funds-for-back-to-school-supplies\/","title":{"rendered":"Comunicado de prensa: Fundaciones de escuelas p\u00fablicas locales recaudan fondos para \u00fatiles escolares"},"content":{"rendered":"<div id=\"block_0b638c6466c17adbdf2c8355aef30401\" class=\"page-header  full-width\">\r\n\r\n  <div class=\"page-header-title\">\r\n    <h1>Desaf\u00edo comunitario de crayones a calculadoras<\/h1>\r\n  <\/div>\r\n\r\n  <div class=\"page-header-image\"><\/div>\r\n\r\n<\/div>\r\n\n\n\n<div class=\"wp-block-columns is-layout-flex wp-container-core-columns-is-layout-9d6595d7 wp-block-columns-is-layout-flex\">\n<div class=\"wp-block-column is-layout-flow wp-block-column-is-layout-flow\" style=\"flex-basis:10%\"><\/div>\n\n\n\n<div class=\"wp-block-column is-layout-flow wp-block-column-is-layout-flow\" style=\"flex-basis:80%\">\n<div style=\"height:25px\" aria-hidden=\"true\" class=\"wp-block-spacer\"><\/div>\n\n\n\n<p>PARA PUBLICACI\u00d3N INMEDIATA<br>Contacto<br>Catherine Wessling<br>(f) 303.524.3865<br>(mi) <a href=\"mailto:catherine@impactoneducation.org\">catherine@impactoneducation.org<\/a><br><\/p>\n\n\n\n<div style=\"height:25px\" aria-hidden=\"true\" class=\"wp-block-spacer\"><\/div>\n\n\n\n<h2 class=\"wp-block-heading has-text-align-center\"><strong><strong><strong><strong>Fundaciones de escuelas p\u00fablicas locales recaudan fondos para \u00fatiles escolares<\/strong><\/strong><\/strong><\/strong><\/h2>\n\n\n\n<div style=\"height:25px\" aria-hidden=\"true\" class=\"wp-block-spacer\"><\/div>\n\n\n\n<p>Louisville (20 de julio de 2022) \u2013 Impact on Education y St. Vrain Valley Schools Education Foundation est\u00e1n desafiando a la comunidad a recaudar $25,000 para \u00fatiles escolares para apoyar a los estudiantes en el Distrito Escolar de Boulder Valley y St. Vrain Distrito Escolar del Valle.<\/p>\n\n\n\n<p>los <a href=\"https:\/\/bit.ly\/c2c_2022challenge\" target=\"_blank\" rel=\"noreferrer noopener\">Desaf\u00edo comunitario de crayones a calculadoras<\/a>, que comenz\u00f3 esta semana, alienta a las personas y organizaciones a organizar minicampa\u00f1as de recaudaci\u00f3n de fondos para recaudar 10% del costo total del programa de $250,000.<\/p>\n\n\n\n<p>\u201cEspecialmente ahora que la inflaci\u00f3n alcanza su nivel m\u00e1s alto en cuatro d\u00e9cadas, los tiempos son dif\u00edciles para las familias y sabemos que muchos tendr\u00e1n dificultades con los gastos de regreso a la escuela para sus hijos este oto\u00f1o\u201d, dice Allison Billings, directora ejecutiva de Impact on Education. . \u201cNuestra comunidad tambi\u00e9n est\u00e1 viendo la dura realidad del incendio Marshall que afecta a las familias locales que tienen una mayor necesidad de apoyo financiero que durante los a\u00f1os escolares anteriores\u201d.<\/p>\n\n\n\n<p>Las dos fundaciones escolares se asocian anualmente para una distribuci\u00f3n de \u00fatiles escolares, Crayons to Calculators, que proporciona \u00fatiles escolares apropiados para la edad, aud\u00edfonos y una mochila nueva a m\u00e1s de 8,000 estudiantes que enfrentan dificultades financieras en BVSD y SVVSD. Con la ayuda del patrocinador principal Western Disposal Services y otros patrocinadores y donantes generosos, este programa garantiza que cada estudiante regrese a la escuela con las herramientas que necesita para tener \u00e9xito.<\/p>\n\n\n\n<p>\u201cCuando las familias enfrentan decisiones financieras dif\u00edciles o compensaciones, como comprar alimentos o \u00fatiles escolares, pueden afectar el \u00e9xito de un estudiante en el sal\u00f3n de clases y en la vida\u201d, dice Josh Atheron, director ejecutivo de la Fundaci\u00f3n de Educaci\u00f3n de las Escuelas del Valle de St. Vrain. \u201cGarantizar que todos los estudiantes tengan acceso a \u00fatiles escolares crea aulas equitativas en todos los niveles de grado\u201d.<\/p>\n\n\n\n<p>El Community Challenge es una forma divertida de unir organizaciones y redes en apoyo de un objetivo com\u00fan: apoyar a los estudiantes locales y las aulas equitativas. El desaf\u00edo tiene una duraci\u00f3n de cuatro semanas y los inscritos reciben recursos y consejos para actividades divertidas que fomentan la participaci\u00f3n individual y en equipo.<\/p>\n\n\n\n<p>Para obtener m\u00e1s informaci\u00f3n sobre el desaf\u00edo o registrarse, visite:<a href=\"https:\/\/crayonstocalculators.org\/\" target=\"_blank\" rel=\"noreferrer noopener\"> crayonstocalculators.org<\/a> o <a href=\"https:\/\/bit.ly\/c2c_2022challenge\" target=\"_blank\" rel=\"noreferrer noopener\">https:\/\/bit.ly\/c2c_2022challenge<\/a>.&nbsp;<\/p>\n\n\n\n<p class=\"has-text-align-center\"><em>###<\/em><\/p>\n\n\n\n<p><strong>SOBRE EL IMPACTO EN LA EDUCACI\u00d3N<\/strong><br>Impact on Education es la fundaci\u00f3n que apoya a los 30,000 estudiantes y 4,000 educadores del Distrito Escolar del Valle de Boulder. Desde 1983, hemos brindado a los estudiantes de las escuelas p\u00fablicas de Boulder Valley fondos y recursos comunitarios para satisfacer necesidades cr\u00edticas y eliminar las brechas de oportunidades.<br><a href=\"http:\/\/www.impactoneducation.org\/es\/\" target=\"_blank\" rel=\"noreferrer noopener\">www.impactoneeducation.org<\/a><\/p>\n\n\n\n<p><strong>ACERCA DE ST. FUNDACI\u00d3N EDUCATIVA DE LAS ESCUELAS DEL VALLE DE VRAIN<\/strong><\/p>\n\n\n\n<p>La Fundaci\u00f3n Educativa de las Escuelas de St. Vrain Valley atiende a m\u00e1s de 30,000 estudiantes y 1,500 maestros anualmente, brindando recursos y oportunidades educativas, en asociaci\u00f3n con las Escuelas de St. Vrain Valley y sus comunidades locales.<br><a href=\"http:\/\/www.stvrainfoundation.org\" target=\"_blank\" rel=\"noreferrer noopener\">www.stvrainfoundation.org<\/a>&nbsp;<\/p>\n<\/div>\n\n\n\n<div class=\"wp-block-column is-layout-flow wp-block-column-is-layout-flow\" style=\"flex-basis:10%\"><\/div>\n<\/div>","protected":false},"excerpt":{"rendered":"<p>PARA PUBLICACI\u00d3N INMEDIATAComun\u00edquese conCatherine Wessling(p) 303.524.3865(e) catherine@impactoneducation.org Fundaciones escolares p\u00fablicas locales recaudan fondos para \u00fatiles escolares Louisville (20 de julio de 2022) \u2013\u2026<\/p>","protected":false},"author":3,"featured_media":0,"parent":5261,"menu_order":0,"comment_status":"closed","ping_status":"closed","template":"","meta":{"_acf_changed":false,"_monsterinsights_skip_tracking":false,"_monsterinsights_sitenote_active":false,"_monsterinsights_sitenote_note":"","_monsterinsights_sitenote_category":0,"footnotes":""},"class_list":["post-6247","page","type-page","status-publish","hentry"],"acf":[],"yoast_head":"<!-- This site is optimized with the Yoast SEO plugin v27.4 - https:\/\/yoast.com\/product\/yoast-seo-wordpress\/ -->\n<title>Local public school foundations raising funds for back-to-school supplies<\/title>\n<meta name=\"description\" content=\"Impact on Education and the St. Vrain Valley Schools Education Foundation are challenging the community to raise $25,000 for school supplies.\" \/>\n<meta name=\"robots\" content=\"index, follow, max-snippet:-1, max-image-preview:large, max-video-preview:-1\" \/>\n<link rel=\"canonical\" href=\"https:\/\/www.impactoneducation.org\/es\/press\/press-release-local-public-school-foundations-raising-funds-for-back-to-school-supplies\/\" \/>\n<meta property=\"og:locale\" content=\"es_MX\" \/>\n<meta property=\"og:type\" content=\"article\" \/>\n<meta property=\"og:title\" content=\"Local public school foundations raising funds for back-to-school supplies\" \/>\n<meta property=\"og:description\" content=\"Impact on Education and the St. Vrain Valley Schools Education Foundation are challenging the community to raise $25,000 for school supplies.\" \/>\n<meta property=\"og:url\" content=\"https:\/\/www.impactoneducation.org\/es\/press\/press-release-local-public-school-foundations-raising-funds-for-back-to-school-supplies\/\" \/>\n<meta property=\"og:site_name\" content=\"Impact on Education\" \/>\n<meta property=\"article:publisher\" content=\"https:\/\/www.facebook.com\/ImpactonEducation\" \/>\n<meta property=\"article:modified_time\" content=\"2023-09-13T17:39:04+00:00\" \/>\n<meta name=\"twitter:card\" content=\"summary_large_image\" \/>\n<meta name=\"twitter:site\" content=\"@ImpactOnEd\" \/>\n<meta name=\"twitter:label1\" content=\"Tiempo de lectura\" \/>\n\t<meta name=\"twitter:data1\" content=\"2 minutos\" \/>\n<script type=\"application\/ld+json\" class=\"yoast-schema-graph\">{\"@context\":\"https:\\\/\\\/schema.org\",\"@graph\":[{\"@type\":\"WebPage\",\"@id\":\"https:\\\/\\\/www.impactoneducation.org\\\/press\\\/press-release-local-public-school-foundations-raising-funds-for-back-to-school-supplies\\\/\",\"url\":\"https:\\\/\\\/www.impactoneducation.org\\\/press\\\/press-release-local-public-school-foundations-raising-funds-for-back-to-school-supplies\\\/\",\"name\":\"Local public school foundations raising funds for back-to-school supplies\",\"isPartOf\":{\"@id\":\"https:\\\/\\\/www.impactoneducation.org\\\/#website\"},\"datePublished\":\"2022-07-19T21:06:06+00:00\",\"dateModified\":\"2023-09-13T17:39:04+00:00\",\"description\":\"Impact on Education and the St. Vrain Valley Schools Education Foundation are challenging the community to raise $25,000 for school supplies.\",\"breadcrumb\":{\"@id\":\"https:\\\/\\\/www.impactoneducation.org\\\/press\\\/press-release-local-public-school-foundations-raising-funds-for-back-to-school-supplies\\\/#breadcrumb\"},\"inLanguage\":\"es\",\"potentialAction\":[{\"@type\":\"ReadAction\",\"target\":[\"https:\\\/\\\/www.impactoneducation.org\\\/press\\\/press-release-local-public-school-foundations-raising-funds-for-back-to-school-supplies\\\/\"]}]},{\"@type\":\"BreadcrumbList\",\"@id\":\"https:\\\/\\\/www.impactoneducation.org\\\/press\\\/press-release-local-public-school-foundations-raising-funds-for-back-to-school-supplies\\\/#breadcrumb\",\"itemListElement\":[{\"@type\":\"ListItem\",\"position\":1,\"name\":\"Home\",\"item\":\"https:\\\/\\\/www.impactoneducation.org\\\/\"},{\"@type\":\"ListItem\",\"position\":2,\"name\":\"Press Materials\",\"item\":\"https:\\\/\\\/www.impactoneducation.org\\\/press\\\/\"},{\"@type\":\"ListItem\",\"position\":3,\"name\":\"Press Release: Local public school foundations raising funds for back-to-school supplies\"}]},{\"@type\":\"WebSite\",\"@id\":\"https:\\\/\\\/www.impactoneducation.org\\\/#website\",\"url\":\"https:\\\/\\\/www.impactoneducation.org\\\/\",\"name\":\"Impact on Education\",\"description\":\"Foundation for Boulder Valley Schools\",\"publisher\":{\"@id\":\"https:\\\/\\\/www.impactoneducation.org\\\/#organization\"},\"potentialAction\":[{\"@type\":\"SearchAction\",\"target\":{\"@type\":\"EntryPoint\",\"urlTemplate\":\"https:\\\/\\\/www.impactoneducation.org\\\/?s={search_term_string}\"},\"query-input\":{\"@type\":\"PropertyValueSpecification\",\"valueRequired\":true,\"valueName\":\"search_term_string\"}}],\"inLanguage\":\"es\"},{\"@type\":\"Organization\",\"@id\":\"https:\\\/\\\/www.impactoneducation.org\\\/#organization\",\"name\":\"Impact on Education\",\"url\":\"https:\\\/\\\/www.impactoneducation.org\\\/\",\"logo\":{\"@type\":\"ImageObject\",\"inLanguage\":\"es\",\"@id\":\"https:\\\/\\\/www.impactoneducation.org\\\/#\\\/schema\\\/logo\\\/image\\\/\",\"url\":\"https:\\\/\\\/www.impactoneducation.org\\\/wp-content\\\/uploads\\\/2020\\\/09\\\/Impact-logo-poly.png\",\"contentUrl\":\"https:\\\/\\\/www.impactoneducation.org\\\/wp-content\\\/uploads\\\/2020\\\/09\\\/Impact-logo-poly.png\",\"width\":3455,\"height\":890,\"caption\":\"Impact on Education\"},\"image\":{\"@id\":\"https:\\\/\\\/www.impactoneducation.org\\\/#\\\/schema\\\/logo\\\/image\\\/\"},\"sameAs\":[\"https:\\\/\\\/www.facebook.com\\\/ImpactonEducation\",\"https:\\\/\\\/x.com\\\/ImpactOnEd\",\"https:\\\/\\\/www.instagram.com\\\/impactoneducation\\\/\",\"https:\\\/\\\/www.youtube.com\\\/channel\\\/UCtCaQkVhXiowqiNrIXQ1Lkw\"]}]}<\/script>\n<!-- \/ Yoast SEO plugin. -->","yoast_head_json":{"title":"Fundaciones de escuelas p\u00fablicas locales recaudan fondos para \u00fatiles escolares","description":"Impact on Education and the St. Vrain Valley Schools Education Foundation are challenging the community to raise $25,000 for school supplies.","robots":{"index":"index","follow":"follow","max-snippet":"max-snippet:-1","max-image-preview":"max-image-preview:large","max-video-preview":"max-video-preview:-1"},"canonical":"https:\/\/www.impactoneducation.org\/es\/press\/press-release-local-public-school-foundations-raising-funds-for-back-to-school-supplies\/","og_locale":"es_MX","og_type":"article","og_title":"Local public school foundations raising funds for back-to-school supplies","og_description":"Impact on Education and the St. Vrain Valley Schools Education Foundation are challenging the community to raise $25,000 for school supplies.","og_url":"https:\/\/www.impactoneducation.org\/es\/press\/press-release-local-public-school-foundations-raising-funds-for-back-to-school-supplies\/","og_site_name":"Impact on Education","article_publisher":"https:\/\/www.facebook.com\/ImpactonEducation","article_modified_time":"2023-09-13T17:39:04+00:00","twitter_card":"summary_large_image","twitter_site":"@ImpactOnEd","twitter_misc":{"Tiempo de lectura":"2 minutos"},"schema":{"@context":"https:\/\/schema.org","@graph":[{"@type":"WebPage","@id":"https:\/\/www.impactoneducation.org\/press\/press-release-local-public-school-foundations-raising-funds-for-back-to-school-supplies\/","url":"https:\/\/www.impactoneducation.org\/press\/press-release-local-public-school-foundations-raising-funds-for-back-to-school-supplies\/","name":"Fundaciones de escuelas p\u00fablicas locales recaudan fondos para \u00fatiles escolares","isPartOf":{"@id":"https:\/\/www.impactoneducation.org\/#website"},"datePublished":"2022-07-19T21:06:06+00:00","dateModified":"2023-09-13T17:39:04+00:00","description":"Impact on Education and the St. Vrain Valley Schools Education Foundation are challenging the community to raise $25,000 for school supplies.","breadcrumb":{"@id":"https:\/\/www.impactoneducation.org\/press\/press-release-local-public-school-foundations-raising-funds-for-back-to-school-supplies\/#breadcrumb"},"inLanguage":"es","potentialAction":[{"@type":"ReadAction","target":["https:\/\/www.impactoneducation.org\/press\/press-release-local-public-school-foundations-raising-funds-for-back-to-school-supplies\/"]}]},{"@type":"BreadcrumbList","@id":"https:\/\/www.impactoneducation.org\/press\/press-release-local-public-school-foundations-raising-funds-for-back-to-school-supplies\/#breadcrumb","itemListElement":[{"@type":"ListItem","position":1,"name":"Home","item":"https:\/\/www.impactoneducation.org\/"},{"@type":"ListItem","position":2,"name":"Press Materials","item":"https:\/\/www.impactoneducation.org\/press\/"},{"@type":"ListItem","position":3,"name":"Press Release: Local public school foundations raising funds for back-to-school supplies"}]},{"@type":"WebSite","@id":"https:\/\/www.impactoneducation.org\/#website","url":"https:\/\/www.impactoneducation.org\/","name":"Impacto en la educaci\u00f3n","description":"Fundaci\u00f3n para las Escuelas del Valle de Boulder","publisher":{"@id":"https:\/\/www.impactoneducation.org\/#organization"},"potentialAction":[{"@type":"SearchAction","target":{"@type":"EntryPoint","urlTemplate":"https:\/\/www.impactoneducation.org\/?s={search_term_string}"},"query-input":{"@type":"PropertyValueSpecification","valueRequired":true,"valueName":"search_term_string"}}],"inLanguage":"es"},{"@type":"Organization","@id":"https:\/\/www.impactoneducation.org\/#organization","name":"Impacto en la educaci\u00f3n","url":"https:\/\/www.impactoneducation.org\/","logo":{"@type":"ImageObject","inLanguage":"es","@id":"https:\/\/www.impactoneducation.org\/#\/schema\/logo\/image\/","url":"https:\/\/www.impactoneducation.org\/wp-content\/uploads\/2020\/09\/Impact-logo-poly.png","contentUrl":"https:\/\/www.impactoneducation.org\/wp-content\/uploads\/2020\/09\/Impact-logo-poly.png","width":3455,"height":890,"caption":"Impact on Education"},"image":{"@id":"https:\/\/www.impactoneducation.org\/#\/schema\/logo\/image\/"},"sameAs":["https:\/\/www.facebook.com\/ImpactonEducation","https:\/\/x.com\/ImpactOnEd","https:\/\/www.instagram.com\/impactoneducation\/","https:\/\/www.youtube.com\/channel\/UCtCaQkVhXiowqiNrIXQ1Lkw"]}]}},"_links":{"self":[{"href":"https:\/\/www.impactoneducation.org\/es\/wp-json\/wp\/v2\/pages\/6247","targetHints":{"allow":["GET"]}}],"collection":[{"href":"https:\/\/www.impactoneducation.org\/es\/wp-json\/wp\/v2\/pages"}],"about":[{"href":"https:\/\/www.impactoneducation.org\/es\/wp-json\/wp\/v2\/types\/page"}],"author":[{"embeddable":true,"href":"https:\/\/www.impactoneducation.org\/es\/wp-json\/wp\/v2\/users\/3"}],"replies":[{"embeddable":true,"href":"https:\/\/www.impactoneducation.org\/es\/wp-json\/wp\/v2\/comments?post=6247"}],"version-history":[{"count":18,"href":"https:\/\/www.impactoneducation.org\/es\/wp-json\/wp\/v2\/pages\/6247\/revisions"}],"predecessor-version":[{"id":9514,"href":"https:\/\/www.impactoneducation.org\/es\/wp-json\/wp\/v2\/pages\/6247\/revisions\/9514"}],"up":[{"embeddable":true,"href":"https:\/\/www.impactoneducation.org\/es\/wp-json\/wp\/v2\/pages\/5261"}],"wp:attachment":[{"href":"https:\/\/www.impactoneducation.org\/es\/wp-json\/wp\/v2\/media?parent=6247"}],"curies":[{"name":"gracias","href":"https:\/\/api.w.org\/{rel}","templated":true}]}}